{"id":170,"date":"2018-10-23T18:11:40","date_gmt":"2018-10-23T18:11:40","guid":{"rendered":"http:\/\/rahelinvinograd.si\/?page_id=170"},"modified":"2025-02-24T09:24:09","modified_gmt":"2025-02-24T09:24:09","slug":"mediji-o-nas","status":"publish","type":"page","link":"https:\/\/rahelinvinograd.si\/?page_id=170","title":{"rendered":"Mediji o nas"},"content":{"rendered":"<p style=\"text-align: center;\"><strong><em>Duhovne vaje Rahelin vinograd vzbujajo vedno ve\u010d zanimanja v javnosti, zato tudi mediji svoj prostor namenjajo\u00a0 \u0161irjenju zavedanja o pomenu teh &#8220;posebnih&#8221; duhovnih vaj. Spodaj so zbrani prispevki medijev o Rahelinem vinogradu, vabljeni k ogledu, prebiranju&#8230;<\/em><\/strong><\/p>\n<p>O pomenu duhovnih vaj Rahelin vinograd sta v oddaji Dober dan dobri ljudje na televiziji Exodus TV spregovorila tudi Katarina Nzobandora in p. Toma\u017e Miku\u0161. Vabljeni k ogledu.<\/p>\n<p><iframe loading=\"lazy\" title=\"DOBER DAN DOBRI LJUDJE: Rahelin vinograd 2. del\" width=\"525\" height=\"295\" src=\"https:\/\/www.youtube.com\/embed\/HJw0iG6rEAk?feature=oembed\" frameborder=\"0\" allow=\"accelerometer; autoplay; clipboard-write; encrypted-media; gyroscope; picture-in-picture; web-share\" referrerpolicy=\"strict-origin-when-cross-origin\" allowfullscreen><\/iframe><\/p>\n<p>&#8230;&#8230;&#8230;&#8230;&#8230;&#8230;&#8230;&#8230;&#8230;&#8230;&#8230;&#8230;&#8230;&#8230;&#8230;&#8230;&#8230;&#8230;&#8230;&#8230;&#8230;&#8230;&#8230;&#8230;&#8230;&#8230;&#8230;&#8230;&#8230;&#8230;&#8230;&#8230;&#8230;&#8230;&#8230;&#8230;&#8230;&#8230;&#8230;&#8230;&#8230;&#8230;..<\/p>\n<p>V oddaji Dober dan dobri ljudje na televiziji Exodus TV sta o izku\u0161nji in pomenu Rahelinega vinograda spregovorila p. Toma\u017e Miku\u0161 in Cvetka, ena izmed udele\u017eenk duhovnih vaj. Vabljeni k ogledu.<\/p>\n<p><iframe loading=\"lazy\" title=\"DOBER DAN DOBRI LJUDJE: Rahelin vinograd\" width=\"525\" height=\"295\" src=\"https:\/\/www.youtube.com\/embed\/E6dQ_nbVVuk?feature=oembed\" frameborder=\"0\" allow=\"accelerometer; autoplay; clipboard-write; encrypted-media; gyroscope; picture-in-picture; web-share\" referrerpolicy=\"strict-origin-when-cross-origin\" allowfullscreen><\/iframe><\/p>\n<p>&nbsp;<\/p>\n<p>&#8230;&#8230;&#8230;&#8230;&#8230;&#8230;&#8230;&#8230;&#8230;&#8230;&#8230;&#8230;&#8230;&#8230;&#8230;&#8230;&#8230;&#8230;&#8230;&#8230;&#8230;&#8230;&#8230;&#8230;&#8230;&#8230;&#8230;&#8230;&#8230;&#8230;&#8230;&#8230;&#8230;&#8230;&#8230;&#8230;&#8230;&#8230;&#8230;&#8230;&#8230;&#8230;&#8230;<\/p>\n<p><img loading=\"lazy\" decoding=\"async\" class=\"wp-image-224 size-thumbnail aligncenter\" src=\"https:\/\/rahelinvinograd.si\/wp-content\/uploads\/2018\/10\/ognji\u0161\u010de-150x150.png\" alt=\"\" width=\"150\" height=\"150\" srcset=\"https:\/\/rahelinvinograd.si\/wp-content\/uploads\/2018\/10\/ognji\u0161\u010de-150x150.png 150w, https:\/\/rahelinvinograd.si\/wp-content\/uploads\/2018\/10\/ognji\u0161\u010de-100x100.png 100w, https:\/\/rahelinvinograd.si\/wp-content\/uploads\/2018\/10\/ognji\u0161\u010de.png 225w\" sizes=\"auto, (max-width: 150px) 100vw, 150px\" \/><\/p>\n<p>Na Radiu Ognji\u0161\u010de v postnem \u010dasu poteka Radijski misijon 2023 s podnaslovom <em>&#8220;Ko se temelji reda podirajo&#8221;<\/em> je bila gostja Janja Kolenc, ki je z radijskim ob\u010dinstvom pogumno podelila svojo zgodbo, ki jo je v \u017eivljenju peljala od odlo\u010ditve za splav in nato na novo pot &#8211; tudi s pomo\u010djo Rahelinega vinograda.<\/p>\n<p>Celoten posnetek njenega pri\u010devanja najdete na <a href=\"https:\/\/radio.ognjisce.si\/sl\/260\/utrip\/36214\/janja-kolenc-verjela-sem-vsaj-na-povrsini-lazi-to-je-le-skupek-celic.htm?fbclid=IwAR0UpOuUeX3iXNAlNlKNdNAxjza59rpXUHO8yYtNFjpV9Jx_Ea539184uOo\" target=\"_blank\" rel=\"noopener\">tej povezavi.<\/a><\/p>\n<p>Spodaj pa kratek izsek iz Janjine zgodbe:<\/p>\n<p><a href=\"https:\/\/fb.watch\/jBfvgZR0me\/\">https:\/\/fb.watch\/jBfvgZR0me\/<\/a><\/p>\n<p style=\"text-align: center;\">&#8230;&#8230;&#8230;&#8230;&#8230;&#8230;&#8230;&#8230;&#8230;&#8230;&#8230;&#8230;&#8230;&#8230;&#8230;&#8230;&#8230;&#8230;&#8230;&#8230;&#8230;&#8230;&#8230;&#8230;&#8230;&#8230;&#8230;&#8230;&#8230;&#8230;&#8230;&#8230;&#8230;&#8230;&#8230;&#8230;&#8230;&#8230;&#8230;&#8230;&#8230;&#8230;&#8230;<\/p>\n<p><img loading=\"lazy\" decoding=\"async\" class=\"wp-image-224 size-thumbnail aligncenter\" src=\"https:\/\/rahelinvinograd.si\/wp-content\/uploads\/2018\/10\/ognji\u0161\u010de-150x150.png\" alt=\"\" width=\"150\" height=\"150\" srcset=\"https:\/\/rahelinvinograd.si\/wp-content\/uploads\/2018\/10\/ognji\u0161\u010de-150x150.png 150w, https:\/\/rahelinvinograd.si\/wp-content\/uploads\/2018\/10\/ognji\u0161\u010de-100x100.png 100w, https:\/\/rahelinvinograd.si\/wp-content\/uploads\/2018\/10\/ognji\u0161\u010de.png 225w\" sizes=\"auto, (max-width: 150px) 100vw, 150px\" \/><\/p>\n<p>Svojo zgodbo je v oddaji Sre\u010danja na Radiu Ognji\u0161\u010de predstavila tudi gospa Marija. Njeno pri\u010devanje, kjer opisuje svoj izhod iz \u017eivljenja polnega stisk, \u017ealosti in nemo\u010di najdete na <a href=\"https:\/\/avdio.ognjisce.si\/share\/srecanja_2022_11_15_marija_cvetka\" target=\"_blank\" rel=\"noopener\">tej povezavi<\/a>.<\/p>\n<p style=\"text-align: center;\">&#8230;&#8230;&#8230;&#8230;&#8230;&#8230;&#8230;&#8230;&#8230;&#8230;&#8230;&#8230;&#8230;&#8230;&#8230;&#8230;&#8230;&#8230;&#8230;&#8230;&#8230;&#8230;&#8230;&#8230;&#8230;&#8230;&#8230;&#8230;&#8230;&#8230;&#8230;&#8230;&#8230;&#8230;&#8230;&#8230;&#8230;&#8230;&#8230;&#8230;&#8230;&#8230;&#8230;<\/p>\n<p><img loading=\"lazy\" decoding=\"async\" class=\"wp-image-224 size-thumbnail aligncenter\" src=\"https:\/\/rahelinvinograd.si\/wp-content\/uploads\/2018\/10\/ognji\u0161\u010de-150x150.png\" alt=\"\" width=\"150\" height=\"150\" srcset=\"https:\/\/rahelinvinograd.si\/wp-content\/uploads\/2018\/10\/ognji\u0161\u010de-150x150.png 150w, https:\/\/rahelinvinograd.si\/wp-content\/uploads\/2018\/10\/ognji\u0161\u010de-100x100.png 100w, https:\/\/rahelinvinograd.si\/wp-content\/uploads\/2018\/10\/ognji\u0161\u010de.png 225w\" sizes=\"auto, (max-width: 150px) 100vw, 150px\" \/><\/p>\n<p>V avgustu 2022 je v oddaji Sre\u010danja na Radiu Ognji\u0161\u010de pri\u010devala mamica z izku\u0161njo umetnega splava. Kaj jo je pripeljalo do te odlo\u010ditve in kje je na\u0161la pot ozdravljenja ter kako ji je pri tem pomagala udele\u017eba na duhovnih vajah Rahelin vinograd,\u00a0 lahko sli\u0161ite v oddaji na <a href=\"https:\/\/avdio.ognjisce.si\/share\/srecanja_2022_08_16_splav\" target=\"_blank\" rel=\"noopener\">tej povezavi,<\/a> ali pa oddajo poi\u0161\u010dete v eni izmed aplikacij za podkaste:<\/p>\n<p><a href=\"https:\/\/podcasts.apple.com\/si\/podcast\/splav\/id1436940384?i=1000576290919\" target=\"_blank\" rel=\"noopener\">iTunes<\/a><\/p>\n<p style=\"text-align: center;\">&#8230;&#8230;&#8230;&#8230;&#8230;&#8230;&#8230;&#8230;&#8230;&#8230;&#8230;&#8230;&#8230;&#8230;&#8230;&#8230;&#8230;&#8230;&#8230;&#8230;&#8230;&#8230;&#8230;&#8230;&#8230;&#8230;&#8230;&#8230;&#8230;&#8230;&#8230;&#8230;&#8230;&#8230;&#8230;&#8230;&#8230;&#8230;&#8230;&#8230;&#8230;&#8230;&#8230;<\/p>\n<p><img loading=\"lazy\" decoding=\"async\" class=\"wp-image-224 size-thumbnail aligncenter\" src=\"https:\/\/rahelinvinograd.si\/wp-content\/uploads\/2018\/10\/ognji\u0161\u010de-150x150.png\" alt=\"\" width=\"150\" height=\"150\" srcset=\"https:\/\/rahelinvinograd.si\/wp-content\/uploads\/2018\/10\/ognji\u0161\u010de-150x150.png 150w, https:\/\/rahelinvinograd.si\/wp-content\/uploads\/2018\/10\/ognji\u0161\u010de-100x100.png 100w, https:\/\/rahelinvinograd.si\/wp-content\/uploads\/2018\/10\/ognji\u0161\u010de.png 225w\" sizes=\"auto, (max-width: 150px) 100vw, 150px\" \/><\/p>\n<p>V sredo, 6. julija 2022 je bila Katarina Nzobandora, voditeljica Rahelinega vinograda gostja v oddaji \u017divljenje i\u0161\u010de pot na Radiu Ognji\u0161\u010de. Med drugim je spregovorila o tem, kako umetni splav in s tem izguba lastnega otroka povzro\u010da v du\u0161ah star\u0161ev dolgotrajne posledice.<\/p>\n<p>O sadovih duhovnih vaj Rahelin vinograd se je s Katarino pogovarjala Marjana Debevec.<\/p>\n<p>Prisluhnete jima lahko na eni izmed naslednjih povezav:<\/p>\n<p><a href=\"https:\/\/podcasts.google.com\/feed\/aHR0cHM6Ly9hdmRpby5vZ25qaXNjZS5zaS96aXZsamVuamVfaXNjZV9wb3QvcnNzLnhtbA\/episode\/YXZkaW8ub2duamlzY2Uuc2kvcG9zbmV0a2kveml2bGplbmplX2lzY2VfcG90LzIwMjIvemlwXzIwMjJfMDdfMDYubXAz?ep=14\" target=\"_blank\" rel=\"noopener\">Google podcasti<\/a><\/p>\n<p><a href=\"https:\/\/avdio.ognjisce.si\/share\/zip_2022_07_06\" target=\"_blank\" rel=\"noopener\">Arhiv Radia Ognji\u0161\u010de<\/a><\/p>\n<p style=\"text-align: center;\">&#8230;&#8230;&#8230;&#8230;&#8230;&#8230;&#8230;&#8230;&#8230;&#8230;&#8230;&#8230;&#8230;&#8230;&#8230;&#8230;&#8230;&#8230;&#8230;&#8230;&#8230;&#8230;&#8230;&#8230;&#8230;&#8230;&#8230;&#8230;&#8230;&#8230;&#8230;&#8230;&#8230;&#8230;&#8230;&#8230;&#8230;&#8230;&#8230;&#8230;&#8230;&#8230;&#8230;<\/p>\n<p><img loading=\"lazy\" decoding=\"async\" class=\"wp-image-224 size-thumbnail aligncenter\" src=\"https:\/\/rahelinvinograd.si\/wp-content\/uploads\/2018\/10\/ognji\u0161\u010de-150x150.png\" alt=\"\" width=\"150\" height=\"150\" srcset=\"https:\/\/rahelinvinograd.si\/wp-content\/uploads\/2018\/10\/ognji\u0161\u010de-150x150.png 150w, https:\/\/rahelinvinograd.si\/wp-content\/uploads\/2018\/10\/ognji\u0161\u010de-100x100.png 100w, https:\/\/rahelinvinograd.si\/wp-content\/uploads\/2018\/10\/ognji\u0161\u010de.png 225w\" sizes=\"auto, (max-width: 150px) 100vw, 150px\" \/><\/p>\n<p>V torek, 17. maja 2022 so v oddaji Sre\u010danja na valovih <span class=\"nc684nl6\">Radio Ognji\u0161\u010de<\/span> z novinarko Meto Poto\u010dnik, sodelovala vodja Rahelinega vinograda\u00a0 <span class=\"nc684nl6\">Katarina Nzobandora<\/span> in duhovni vodja <span class=\"nc684nl6\">Tomaz Miku\u0161. <\/span>\u00a0Pogovor je tekel o <a class=\"oajrlxb2 g5ia77u1 qu0x051f esr5mh6w e9989ue4 r7d6kgcz rq0escxv nhd2j8a9 nc684nl6 p7hjln8o kvgmc6g5 cxmmr5t8 oygrvhab hcukyx3x jb3vyjys rz4wbd8a qt6c0cv9 a8nywdso i1ao9s8h esuyzwwr f1sip0of lzcic4wl gpro0wi8 q66pz984 b1v8xokw\" tabindex=\"0\" role=\"link\" href=\"https:\/\/www.facebook.com\/Duhovne-vaje-V-Njegovem-objemu-113609737898397\/?__cft__[0]=AZVDVMD9k7SCP7uKQwBSX7qDQgzp4MYp_fYQwNQW8jq05dnePQkFL3m6Wz7iJlfXxVNuqOLyCzTMxsbNHW_CmjAQ5QamjbnIokq4CmY1pxCXSzx7zVjoR6QWL1WHGuQRYtWl96GOLoVoLO-C2vASMOVw&amp;__tn__=kK-R\"><span class=\"nc684nl6\">Duhovnih vajah V Njegovem objemu<\/span><\/a> in <a class=\"oajrlxb2 g5ia77u1 qu0x051f esr5mh6w e9989ue4 r7d6kgcz rq0escxv nhd2j8a9 nc684nl6 p7hjln8o kvgmc6g5 cxmmr5t8 oygrvhab hcukyx3x jb3vyjys rz4wbd8a qt6c0cv9 a8nywdso i1ao9s8h esuyzwwr f1sip0of lzcic4wl gpro0wi8 q66pz984 b1v8xokw\" tabindex=\"0\" role=\"link\" href=\"https:\/\/www.facebook.com\/rahelinvinograd\/?__cft__[0]=AZVDVMD9k7SCP7uKQwBSX7qDQgzp4MYp_fYQwNQW8jq05dnePQkFL3m6Wz7iJlfXxVNuqOLyCzTMxsbNHW_CmjAQ5QamjbnIokq4CmY1pxCXSzx7zVjoR6QWL1WHGuQRYtWl96GOLoVoLO-C2vASMOVw&amp;__tn__=kK-R\"><span class=\"nc684nl6\">Rahelin vinograd<\/span><\/a>.<\/p>\n<p>Prisluhnete jima lahko na eni izmed naslednjih povezav:<\/p>\n<p><a href=\"https:\/\/podcasts.google.com\/feed\/aHR0cHM6Ly9hdmRpby5vZ25qaXNjZS5zaS9zcmVjYW5qYS9yc3MueG1s\/episode\/YXZkaW8ub2duamlzY2Uuc2kvcG9zbmV0a2kvc3JlY2FuamEvMjAyMi9zcmVjYW5qYV8yMDIyXzA1XzE3Lm1wMw?ep=14\" target=\"_blank\" rel=\"noopener\">Google podcasti\u00a0<\/a><\/p>\n<p><a href=\"https:\/\/avdio.ognjisce.si\/index_search.php?search=sre%C4%8Danja\" target=\"_blank\" rel=\"noopener\">Arhiv Radia Ognji\u0161\u010de<\/a><\/p>\n<p style=\"text-align: center;\">&#8230;&#8230;&#8230;&#8230;&#8230;&#8230;&#8230;&#8230;&#8230;&#8230;&#8230;&#8230;&#8230;&#8230;&#8230;&#8230;&#8230;&#8230;&#8230;&#8230;&#8230;&#8230;&#8230;&#8230;&#8230;&#8230;&#8230;&#8230;&#8230;&#8230;&#8230;&#8230;&#8230;&#8230;&#8230;&#8230;&#8230;&#8230;&#8230;&#8230;&#8230;&#8230;&#8230;<\/p>\n<p><img loading=\"lazy\" decoding=\"async\" class=\"aligncenter wp-image-438 size-medium\" src=\"https:\/\/rahelinvinograd.si\/wp-content\/uploads\/2021\/04\/Untitled--e1618854739347-300x51.png\" alt=\"\" width=\"300\" height=\"51\" srcset=\"https:\/\/rahelinvinograd.si\/wp-content\/uploads\/2021\/04\/Untitled--e1618854739347-300x51.png 300w, https:\/\/rahelinvinograd.si\/wp-content\/uploads\/2021\/04\/Untitled--e1618854739347.png 700w\" sizes=\"auto, (max-width: 300px) 100vw, 300px\" \/><\/p>\n<p>V tedniku demokracija so pripravili podroben \u010dlanek o duhovnih vajah Rahelin Vinograd. Celoten \u010dlanek lahko preberete na <a href=\"https:\/\/rahelinvinograd.si\/wp-content\/uploads\/2021\/04\/Rahelin-vinograd-demokracija.docx\">tej povezavi.<\/a><\/p>\n<p style=\"text-align: center;\">&#8230;&#8230;&#8230;&#8230;&#8230;&#8230;&#8230;&#8230;&#8230;&#8230;&#8230;&#8230;&#8230;&#8230;&#8230;&#8230;&#8230;&#8230;&#8230;&#8230;&#8230;&#8230;&#8230;&#8230;&#8230;&#8230;&#8230;&#8230;&#8230;&#8230;&#8230;&#8230;&#8230;&#8230;&#8230;&#8230;&#8230;&#8230;&#8230;&#8230;&#8230;&#8230;&#8230;<\/p>\n<p style=\"text-align: left;\"><img loading=\"lazy\" decoding=\"async\" class=\"wp-image-222 aligncenter\" src=\"https:\/\/rahelinvinograd.si\/wp-content\/uploads\/2018\/10\/prenos-150x150.jpg\" alt=\"\" width=\"82\" height=\"82\" srcset=\"https:\/\/rahelinvinograd.si\/wp-content\/uploads\/2018\/10\/prenos-150x150.jpg 150w, https:\/\/rahelinvinograd.si\/wp-content\/uploads\/2018\/10\/prenos-100x100.jpg 100w\" sizes=\"auto, (max-width: 82px) 100vw, 82px\" \/><\/p>\n<p style=\"text-align: left;\">Dne 11.02.18 so bile duhovne vaje Rahelin vinograd predstavljene v oddaji Obzorja duha, prvi program RTV Slovenija, med drugim sta svoje do\u017eivljanje duhovnih vaj RV opisala ena izmed udele\u017eenk in voditeljica duhovnih vaj Katarina Nzobandora. Oddaja je v celoti dostopna na <a href=\"https:\/\/4d.rtvslo.si\/arhiv\/obzorja-duha\/174519344\" target=\"_blank\" rel=\"noopener noreferrer\">tej povezavi<\/a>.<\/p>\n<hr \/>\n<p style=\"text-align: center;\"><img loading=\"lazy\" decoding=\"async\" class=\"wp-image-224 size-thumbnail aligncenter\" src=\"https:\/\/rahelinvinograd.si\/wp-content\/uploads\/2018\/10\/ognji\u0161\u010de-150x150.png\" alt=\"\" width=\"150\" height=\"150\" srcset=\"https:\/\/rahelinvinograd.si\/wp-content\/uploads\/2018\/10\/ognji\u0161\u010de-150x150.png 150w, https:\/\/rahelinvinograd.si\/wp-content\/uploads\/2018\/10\/ognji\u0161\u010de-100x100.png 100w, https:\/\/rahelinvinograd.si\/wp-content\/uploads\/2018\/10\/ognji\u0161\u010de.png 225w\" sizes=\"auto, (max-width: 150px) 100vw, 150px\" \/><\/p>\n<p style=\"text-align: left;\">Novinarka Marta Jerebi\u010d (Radio Ognji\u0161\u010de) je v oddaji Sre\u010danja, ki je bila na sporedu v nedeljo, 11.03.18 gostila voditeljico duhovnih vaj Rahelin vinograd Katarino Nzobandora in duhovnega voditelja p. Toma\u017ea Miku\u0161a. Njihovemu pogovoru lahko prisluhnete na <a href=\"http:\/\/radio.ognjisce.si:8080\/sl\/200\/utrip\/26567\/\" target=\"_blank\" rel=\"noopener noreferrer\">tej povezavi.<\/a><\/p>\n<hr \/>\n<p style=\"text-align: left;\">\u00a0<img loading=\"lazy\" decoding=\"async\" class=\"aligncenter wp-image-228 \" src=\"https:\/\/rahelinvinograd.si\/wp-content\/uploads\/2018\/10\/9d343e0964255dc47e86da7955f0cac6966e9ee2-150x150.png\" alt=\"\" width=\"132\" height=\"132\" srcset=\"https:\/\/rahelinvinograd.si\/wp-content\/uploads\/2018\/10\/9d343e0964255dc47e86da7955f0cac6966e9ee2-150x150.png 150w, https:\/\/rahelinvinograd.si\/wp-content\/uploads\/2018\/10\/9d343e0964255dc47e86da7955f0cac6966e9ee2-300x300.png 300w, https:\/\/rahelinvinograd.si\/wp-content\/uploads\/2018\/10\/9d343e0964255dc47e86da7955f0cac6966e9ee2-100x100.png 100w, https:\/\/rahelinvinograd.si\/wp-content\/uploads\/2018\/10\/9d343e0964255dc47e86da7955f0cac6966e9ee2.png 600w\" sizes=\"auto, (max-width: 132px) 100vw, 132px\" \/><\/p>\n<p style=\"text-align: left;\">Vzroki za splav, posledice splava, ob\u010dutek krivde, vloga mo\u0161kega pri splavu..odgovore na ta in ostala vpra\u0161anja sta v svojih razmi\u0161ljanjih v \u010dlanku na spletni strani <a href=\"https:\/\/si.aleteia.org\/\" target=\"_blank\" rel=\"noopener noreferrer\">Aleteia .si<\/a>\u00a0 podala\u00a0voditeljica duhovnih vaj Rahelin vinograd Katarina Nzobandora in duhovni voditelj duhovnih vaj p. Toma\u017e Miku\u0161. Vabljeni k branju intervjuja, ki je dostopen na <a href=\"https:\/\/si.aleteia.org\/2018\/03\/21\/eno-je-kako-se-clovek-pocuti-pred-splavom-drugo-pa-kako-se-pocuti-po-njem\/\" target=\"_blank\" rel=\"noopener noreferrer\">tej povezavi.<\/a><\/p>\n<p style=\"text-align: left;\">Nekaj svojih razmi\u0161ljanj sta Katarina in Toma\u017e podala tudi v video klipih (<a href=\"https:\/\/www.youtube.com\/watch?v=mU2cmYdLZtc\" target=\"_blank\" rel=\"noopener noreferrer\">Katarina<\/a>, <a href=\"https:\/\/www.youtube.com\/watch?v=I0pnkf8qe6k\" target=\"_blank\" rel=\"noopener noreferrer\">p. Toma\u017e<\/a>).<\/p>\n<hr \/>\n<p style=\"text-align: left;\"><img loading=\"lazy\" decoding=\"async\" class=\"aligncenter wp-image-154 size-thumbnail\" src=\"https:\/\/rahelinvinograd.si\/wp-content\/uploads\/2018\/10\/pastir.si_-150x150.jpg\" alt=\"\" width=\"150\" height=\"150\" srcset=\"https:\/\/rahelinvinograd.si\/wp-content\/uploads\/2018\/10\/pastir.si_-150x150.jpg 150w, https:\/\/rahelinvinograd.si\/wp-content\/uploads\/2018\/10\/pastir.si_-100x100.jpg 100w\" sizes=\"auto, (max-width: 150px) 100vw, 150px\" \/>\u00a0V glasilu <a href=\"http:\/\/pastir.si\/\" target=\"_blank\" rel=\"noopener noreferrer\">Pastir.si<\/a> (glasilo pastoralne zveze \u017eupnij Pame\u010de, Sele, Slovenj Gradec, Stari trg) je bil v avgustu 2018 objavljen \u010dudovit prispevek o Rahelinem vinogradu. Celoten prispevek je dostopen s klikom na <a href=\"https:\/\/rahelinvinograd.si\/wp-content\/uploads\/2018\/10\/Pastir-7.30-2018-08-26-web-1.pdf\" target=\"_blank\" rel=\"noopener noreferrer\">to povezavo.<\/a><\/p>\n<hr \/>\n<p style=\"text-align: center;\"><img loading=\"lazy\" decoding=\"async\" class=\"aligncenter wp-image-240 size-full\" src=\"https:\/\/rahelinvinograd.si\/wp-content\/uploads\/2018\/10\/images.jpg\" alt=\"\" width=\"150\" height=\"150\" srcset=\"https:\/\/rahelinvinograd.si\/wp-content\/uploads\/2018\/10\/images.jpg 150w, https:\/\/rahelinvinograd.si\/wp-content\/uploads\/2018\/10\/images-100x100.jpg 100w\" sizes=\"auto, (max-width: 150px) 100vw, 150px\" \/><\/p>\n<p style=\"text-align: left;\">Za\u010detki ter poslanstvo Rahelinega vinograda je na izjemen na\u010din predstavljeno tudi v \u010dlanku na spletni strani <a href=\"http:\/\/www.zavod-zivim.si\/\" target=\"_blank\" rel=\"noopener noreferrer\">Zavoda \u017dIV!IM<\/a>. Celotni \u010dlanek, ki je obogaten tudi s pri\u010devanjem \u010dlanov ekipe Rahelinega vinograda si lahko preberete <a href=\"http:\/\/www.zavod-zivim.si\/rahelin-vinograd-kaj-to-sploh-je\/\" target=\"_blank\" rel=\"noopener noreferrer\">tukaj.<\/a><\/p>\n<hr \/>\n<p style=\"text-align: center;\"><img loading=\"lazy\" decoding=\"async\" class=\"alignnone size-full wp-image-295\" src=\"https:\/\/rahelinvinograd.si\/wp-content\/uploads\/2018\/10\/prenos.png\" alt=\"\" width=\"225\" height=\"225\" srcset=\"https:\/\/rahelinvinograd.si\/wp-content\/uploads\/2018\/10\/prenos.png 225w, https:\/\/rahelinvinograd.si\/wp-content\/uploads\/2018\/10\/prenos-150x150.png 150w, https:\/\/rahelinvinograd.si\/wp-content\/uploads\/2018\/10\/prenos-100x100.png 100w\" sizes=\"auto, (max-width: 225px) 100vw, 225px\" \/><\/p>\n<p style=\"text-align: left;\">Na spletnem portalu <a href=\"https:\/\/www.iskreni.net\/\">Iskreni.net<\/a>\u00a0je bil v adventnem \u010dasu objavljen ob\u0161iren intervju s p. Toma\u017eem Miku\u0161em, DJ. V intervjuju je je p. Toma\u017e odprl veliko razli\u010dnih podro\u010dij, ob tem pa se je dotaknil predvsem problema splava, kontracepcije, spovedi, krivde in nenazadnje pomena duhovnih vaj Rahelin vinograd. \u010clanek je bil objavljen v dveh\u00a0 delih in je dosegljiv na <a href=\"https:\/\/www.iskreni.net\/vsebine\/kultura-zivljenja\/pater-tomaz-mikuz-splav-je-nasilen-poseg-v-telo-duso-ki-se-ne-da-kar-tako\">tej<\/a> in <a href=\"https:\/\/www.iskreni.net\/vsebine\/kultura-zivljenja\/p-tomaz-mikuz-kontracepcija-zeno-ponizuje-duso-pa-izpostavi-velikemu-zlu\">tej<\/a> povezavi.<\/p>\n<hr \/>\n<p style=\"text-align: left;\"><img loading=\"lazy\" decoding=\"async\" class=\"size-full wp-image-347 aligncenter\" src=\"https:\/\/rahelinvinograd.si\/wp-content\/uploads\/2018\/10\/prenos-1.jpg\" alt=\"\" width=\"198\" height=\"34\" \/><\/p>\n<p style=\"text-align: left;\">V katoli\u0161kem tedniku Dru\u017eina so v mesecu maju 2019 objavili \u010dudovit \u010dlanek o poslanstvu duhovnih vaj Rahelin vinograd. Pomemben prispevek v \u010dlanku sta tudi pri\u010devanji udele\u017eencev (slovenske skupine) duhovnih vaj Rahelin vinograd.\u00a0 Vabljeni k branju (<a href=\"https:\/\/rahelinvinograd.si\/wp-content\/uploads\/2018\/10\/Rahelin-vinograd-1.pdf\">\u010dlanek, 1. stran<\/a> <a href=\"https:\/\/rahelinvinograd.si\/wp-content\/uploads\/2018\/10\/Rahelin-vinograd-2.pdf\">\u010dlanek, 2. stran)<\/a>)<\/p>\n<h5 class=\"kartica-oddaja manjse naslov\"><a href=\"https:\/\/avdio.ognjisce.si\/oddaja\/srecanja_2020_01_21_theresa_burke\"><img loading=\"lazy\" decoding=\"async\" class=\"wp-image-224 size-thumbnail aligncenter\" src=\"https:\/\/rahelinvinograd.si\/wp-content\/uploads\/2018\/10\/ognji\u0161\u010de-150x150.png\" alt=\"\" width=\"150\" height=\"150\" srcset=\"https:\/\/rahelinvinograd.si\/wp-content\/uploads\/2018\/10\/ognji\u0161\u010de-150x150.png 150w, https:\/\/rahelinvinograd.si\/wp-content\/uploads\/2018\/10\/ognji\u0161\u010de-100x100.png 100w, https:\/\/rahelinvinograd.si\/wp-content\/uploads\/2018\/10\/ognji\u0161\u010de.png 225w\" sizes=\"auto, (max-width: 150px) 100vw, 150px\" \/>Splav in \u017ealovanje po splavu v na\u0161i dru\u017ebi \u0161e vedno tabu tema<\/a><\/h5>\n<p class=\"kartica-oddaja manjse\">Terapevtka Theresa Burke iz ZDA je zaradi svojih dolgoletnih izku\u0161njah dela z \u017eenskami, ki imajo za seboj umetni splav, ustanovila duhovne vaje z imenom Rahelin vinograd. Z njimi \u017eeli pristopiti na pomo\u010d materam in o\u010detom, ki se soo\u010dajo s hudimi posledicami po opravljenem splavu. Ker je ta zakonsko dovoljen, star\u0161em po splavu \u0161e vedno ni dovoljeno \u017ealovati. Theresa Burke je zato napisala knjigo Prepovedano \u017ealovanje, ki je nedavno iz\u0161la tudi v sloven\u0161\u010dini. Ob tem je obiskala Slovenijo in\u00a0bila gost \u00a0Radia Ognji\u0161\u010de. Pogovoru z njo\u00a0lahko prisluhnete na <a href=\"https:\/\/avdio.ognjisce.si\/oddaja\/srecanja_2020_01_21_theresa_burke\" target=\"_blank\" rel=\"noopener noreferrer\">tej povezavi.<\/a><\/p>\n<h5 class=\"kartica-oddaja manjse naslov\"><a href=\"https:\/\/avdio.ognjisce.si\/oddaja\/srecanja_2020_01_21_theresa_burke\"><img loading=\"lazy\" decoding=\"async\" class=\"wp-image-224 size-thumbnail aligncenter\" src=\"https:\/\/rahelinvinograd.si\/wp-content\/uploads\/2018\/10\/ognji\u0161\u010de-150x150.png\" alt=\"\" width=\"150\" height=\"150\" srcset=\"https:\/\/rahelinvinograd.si\/wp-content\/uploads\/2018\/10\/ognji\u0161\u010de-150x150.png 150w, https:\/\/rahelinvinograd.si\/wp-content\/uploads\/2018\/10\/ognji\u0161\u010de-100x100.png 100w, https:\/\/rahelinvinograd.si\/wp-content\/uploads\/2018\/10\/ognji\u0161\u010de.png 225w\" sizes=\"auto, (max-width: 150px) 100vw, 150px\" \/><\/a><\/h5>\n<h5 class=\"kartica-oddaja naslov\"><a href=\"https:\/\/avdio.ognjisce.si\/oddaja\/vc_2019_12_29\">Cerkvene bo\u017ei\u010dne teme in pogovor s Thereso Burke<\/a><\/h5>\n<p class=\"kartica-oddaja povzetek\">Na nedeljo Svete Dru\u017eine smo v oddaji Iz \u017divljenja vesoljne Cerkve predvajali pogovor s terapevtko Thereso Burke iz ZDA, ki je ustanovila duhovne vaje z imenom Rahelin vinograd. Z njimi \u017eeli pristopiti na pomo\u010d materam in o\u010detom, ki se soo\u010dajo s hudimi posledicami po opravljenem splavu.\u00a0Pogovoru z njo\u00a0lahko prisluhnete na <a href=\"https:\/\/avdio.ognjisce.si\/oddaja\/vc_2019_12_29\" target=\"_blank\" rel=\"noopener noreferrer\">tej povezavi.<\/a><\/p>\n","protected":false},"excerpt":{"rendered":"<p>Duhovne vaje Rahelin vinograd vzbujajo vedno ve\u010d zanimanja v javnosti, zato tudi mediji svoj prostor namenjajo\u00a0 \u0161irjenju zavedanja o pomenu teh &#8220;posebnih&#8221; duhovnih vaj. Spodaj so zbrani prispevki medijev o Rahelinem vinogradu, vabljeni k ogledu, prebiranju&#8230; O pomenu duhovnih vaj Rahelin vinograd sta v oddaji Dober dan dobri ljudje na televiziji Exodus TV spregovorila tudi &hellip; <\/p>\n<p class=\"link-more\"><a href=\"https:\/\/rahelinvinograd.si\/?page_id=170\" class=\"more-link\">Preberi ve\u010d<span class=\"screen-reader-text\"> &#8220;Mediji o nas&#8221;<\/span><\/a><\/p>\n","protected":false},"author":2,"featured_media":289,"parent":0,"menu_order":0,"comment_status":"closed","ping_status":"closed","template":"","meta":{"footnotes":""},"class_list":["post-170","page","type-page","status-publish","has-post-thumbnail","hentry"],"_links":{"self":[{"href":"https:\/\/rahelinvinograd.si\/index.php?rest_route=\/wp\/v2\/pages\/170","targetHints":{"allow":["GET"]}}],"collection":[{"href":"https:\/\/rahelinvinograd.si\/index.php?rest_route=\/wp\/v2\/pages"}],"about":[{"href":"https:\/\/rahelinvinograd.si\/index.php?rest_route=\/wp\/v2\/types\/page"}],"author":[{"embeddable":true,"href":"https:\/\/rahelinvinograd.si\/index.php?rest_route=\/wp\/v2\/users\/2"}],"replies":[{"embeddable":true,"href":"https:\/\/rahelinvinograd.si\/index.php?rest_route=%2Fwp%2Fv2%2Fcomments&post=170"}],"version-history":[{"count":45,"href":"https:\/\/rahelinvinograd.si\/index.php?rest_route=\/wp\/v2\/pages\/170\/revisions"}],"predecessor-version":[{"id":546,"href":"https:\/\/rahelinvinograd.si\/index.php?rest_route=\/wp\/v2\/pages\/170\/revisions\/546"}],"wp:featuredmedia":[{"embeddable":true,"href":"https:\/\/rahelinvinograd.si\/index.php?rest_route=\/wp\/v2\/media\/289"}],"wp:attachment":[{"href":"https:\/\/rahelinvinograd.si\/index.php?rest_route=%2Fwp%2Fv2%2Fmedia&parent=170"}],"curies":[{"name":"wp","href":"https:\/\/api.w.org\/{rel}","templated":true}]}}